{"id":255,"date":"2011-12-01T08:41:05","date_gmt":"2011-12-01T11:41:05","guid":{"rendered":"http:\/\/www.arqueologia.cl\/lcornejo\/?page_id=255"},"modified":"2012-08-21T12:21:25","modified_gmt":"2012-08-21T16:21:25","slug":"material-inedito-proyecto-fondecyt-1060228","status":"publish","type":"page","link":"https:\/\/www.arqueologia.cl\/lcornejo\/?page_id=255","title":{"rendered":"Informes Arqueol\u00f3gicos no editados del Proyecto FONDECYT 1060228"},"content":{"rendered":"<h2><\/h2>\n<p><span style=\"color: #000000;\"><a href=\"https:\/\/www.arqueologia.cl\/lcornejo\/wp-content\/uploads\/2011\/12\/Memoria-Profesional-arqueologia-Cesar-Miranda-2008.pdf\">Miranda, Cesar, 2008. <em>Alteraci\u00f3n intencional de materias primas l\u00edticas: El tratamiento t\u00e9rmico, una pr\u00e1ctica tecnol\u00f3gica entre cazadores recolectores tard\u00edos de Chile Central<\/em>, Menor\u00eda para obtener el Titulo Profesional de Arque\u00f3logo. Departamento de antropolog\u00eda, Facultad de Ciencias Sociales, Universidad de Chile.<\/a><\/span><\/p>\n<p>&nbsp;<\/p>\n<p><a href=\"https:\/\/www.arqueologia.cl\/lcornejo\/wp-content\/uploads\/2012\/03\/Sobre-el-uso-de-la-obsidiana-y-su-relaci\u00f3n-con-la-movilidad-en-contextos-de-cazadores-recolectores-tard\u00edos-de-Chile-Central.pdf\">Pe\u00f1aloza, Angela, 2011.\u00a0<em>Sobre el uso de la obsidiana y su relaci\u00f3n con la movilidad en contextos de cazadores \u2013 recolectores tard\u00edos de Chile Central<\/em>.\u00a0Menoria para obtener el Titulo Profesional de Arque\u00f3loga. Departamento de antropolog\u00eda, Facultad de Ciencias Sociales, Universidad de Chile.<\/a><\/p>\n<p>&nbsp;<\/p>\n<p><a title=\"Tesis Johanna\" href=\"https:\/\/www.arqueologia.cl\/lcornejo\/wp-content\/uploads\/2012\/08\/Alfarer\u00eda-en-grupos-Cazadores-Recolectores-Tard\u00edos-de-Chile-Central-Johanna-Jara-2012.pdf\">Jara, Johanna, 2012\u00a0<em>Alfarer\u00eda en grupos Cazadores Recolectores Tard\u00edos de Chile Central. Memoria para obtener el T\u00edtulo Profesional de Arque\u00f3loga. Departamento de Antropolog\u00eda, Facultad de Ciencias Sociales, Universidad de Chile.<\/em><em>\u00a0<\/em><\/a><\/p>\n<p align=\"center\"><span style=\"color: #000000;\"><strong><br \/>\n<\/strong><script type=\"text\/javascript\">\/\/ <![CDATA[\nvar _gaq = _gaq || [];\n  _gaq.push(['_setAccount', 'UA-4811514-1']);\n  _gaq.push(['_trackPageview']);\n\n  (function() {\n    var ga = document.createElement('script'); ga.type = 'text\/javascript'; ga.async = true;\n    ga.src = ('https:' == document.location.protocol ? 'https:\/\/ssl' : 'http:\/\/www') + '.google-analytics.com\/ga.js';\n    var s = document.getElementsByTagName('script')[0]; s.parentNode.insertBefore(ga, s);\n  })();\n\/\/ ]]><\/script><\/span><\/p>\n","protected":false},"excerpt":{"rendered":"<p>Miranda, Cesar, 2008. Alteraci\u00f3n intencional de materias primas l\u00edticas: El tratamiento t\u00e9rmico, una pr\u00e1ctica tecnol\u00f3gica entre cazadores recolectores tard\u00edos de Chile Central, Menor\u00eda para obtener el Titulo Profesional de Arque\u00f3logo. Departamento de antropolog\u00eda, Facultad de Ciencias Sociales, Universidad de Chile. &nbsp; Pe\u00f1aloza, Angela, 2011.\u00a0Sobre el uso de la obsidiana y su relaci\u00f3n con la movilidad &hellip; <a href=\"https:\/\/www.arqueologia.cl\/lcornejo\/?page_id=255\" class=\"more-link\">Seguir leyendo <span class=\"screen-reader-text\">Informes Arqueol\u00f3gicos no editados del Proyecto FONDECYT 1060228<\/span> <span class=\"meta-nav\">&rarr;<\/span><\/a><\/p>\n","protected":false},"author":1,"featured_media":0,"parent":0,"menu_order":0,"comment_status":"open","ping_status":"open","template":"","meta":{"jetpack_post_was_ever_published":false},"jetpack_shortlink":"https:\/\/wp.me\/P1Zj5N-47","jetpack_sharing_enabled":true,"_links":{"self":[{"href":"https:\/\/www.arqueologia.cl\/lcornejo\/index.php?rest_route=\/wp\/v2\/pages\/255"}],"collection":[{"href":"https:\/\/www.arqueologia.cl\/lcornejo\/index.php?rest_route=\/wp\/v2\/pages"}],"about":[{"href":"https:\/\/www.arqueologia.cl\/lcornejo\/index.php?rest_route=\/wp\/v2\/types\/page"}],"author":[{"embeddable":true,"href":"https:\/\/www.arqueologia.cl\/lcornejo\/index.php?rest_route=\/wp\/v2\/users\/1"}],"replies":[{"embeddable":true,"href":"https:\/\/www.arqueologia.cl\/lcornejo\/index.php?rest_route=%2Fwp%2Fv2%2Fcomments&post=255"}],"version-history":[{"count":14,"href":"https:\/\/www.arqueologia.cl\/lcornejo\/index.php?rest_route=\/wp\/v2\/pages\/255\/revisions"}],"predecessor-version":[{"id":258,"href":"https:\/\/www.arqueologia.cl\/lcornejo\/index.php?rest_route=\/wp\/v2\/pages\/255\/revisions\/258"}],"wp:attachment":[{"href":"https:\/\/www.arqueologia.cl\/lcornejo\/index.php?rest_route=%2Fwp%2Fv2%2Fmedia&parent=255"}],"curies":[{"name":"wp","href":"https:\/\/api.w.org\/{rel}","templated":true}]}}