{"id":686,"date":"2014-12-28T17:53:34","date_gmt":"2014-12-28T20:53:34","guid":{"rendered":"http:\/\/www.arqueologia.cl\/lcornejo\/?page_id=686"},"modified":"2014-12-28T17:53:34","modified_gmt":"2014-12-28T20:53:34","slug":"terreno-alumnos-de-arqueologia-universidad-alberto-hurtado","status":"publish","type":"page","link":"https:\/\/www.arqueologia.cl\/lcornejo\/?page_id=686","title":{"rendered":"Terreno alumnos de Arqueolog\u00eda Universidad Alberto Hurtado"},"content":{"rendered":"<p>En octubre de 2014 los alumnos de Arqueolog\u00eda del curso M\u00e9todos y T\u00e9cnicas de Terreno de la carrera de Arqueolog\u00eda de la Universidad Alberto Hurtado participaron en las excavaciones de sitios arqueol\u00f3gicos de la precordillera de Arica. Este trabajo se realiz\u00f3 dentro del proyecto Fondecyt 1130808 dedicado a la revaluaci\u00f3n de los patrones de asentamiento de los cazadores recolectores arcaicos de la precordillera del extremo norte de Chile. Esta investigaci\u00f3n es desarrollada por\u00a0arque\u00f3logos\u00a0 de la Universidad de Tarapac\u00e1 y de la Universidades Alberto Hurtado.<\/p>\n<p><a href=\"https:\/\/www.arqueologia.cl\/lcornejo\/wp-content\/uploads\/2014\/12\/Alumnos-el-Mullipungo.jpg\"><img data-attachment-id=\"680\" data-permalink=\"https:\/\/www.arqueologia.cl\/lcornejo\/?attachment_id=680\" data-orig-file=\"https:\/\/www.arqueologia.cl\/lcornejo\/wp-content\/uploads\/2014\/12\/Alumnos-el-Mullipungo.jpg\" data-orig-size=\"886,664\" data-comments-opened=\"0\" data-image-meta=\"{&quot;aperture&quot;:&quot;0&quot;,&quot;credit&quot;:&quot;&quot;,&quot;camera&quot;:&quot;&quot;,&quot;caption&quot;:&quot;&quot;,&quot;created_timestamp&quot;:&quot;0&quot;,&quot;copyright&quot;:&quot;&quot;,&quot;focal_length&quot;:&quot;0&quot;,&quot;iso&quot;:&quot;0&quot;,&quot;shutter_speed&quot;:&quot;0&quot;,&quot;title&quot;:&quot;&quot;,&quot;orientation&quot;:&quot;0&quot;}\" data-image-title=\"Alumnos el Mullipungo\" data-image-description=\"\" data-image-caption=\"\" data-medium-file=\"https:\/\/www.arqueologia.cl\/lcornejo\/wp-content\/uploads\/2014\/12\/Alumnos-el-Mullipungo-300x225.jpg\" data-large-file=\"https:\/\/www.arqueologia.cl\/lcornejo\/wp-content\/uploads\/2014\/12\/Alumnos-el-Mullipungo.jpg\" decoding=\"async\" loading=\"lazy\" class=\"aligncenter wp-image-680 \" src=\"https:\/\/www.arqueologia.cl\/lcornejo\/wp-content\/uploads\/2014\/12\/Alumnos-el-Mullipungo-300x225.jpg\" alt=\"Alumnos el Mullipungo\" width=\"580\" height=\"435\" srcset=\"https:\/\/www.arqueologia.cl\/lcornejo\/wp-content\/uploads\/2014\/12\/Alumnos-el-Mullipungo-300x225.jpg 300w, https:\/\/www.arqueologia.cl\/lcornejo\/wp-content\/uploads\/2014\/12\/Alumnos-el-Mullipungo.jpg 886w\" sizes=\"(max-width: 580px) 100vw, 580px\" \/><\/a><\/p>\n<p style=\"text-align: center;\">Grupo de alumnos en el paisaje de Multipunto,\u00a0la localidad de estudio<\/p>\n<p>&nbsp;<\/p>\n<p><a href=\"https:\/\/www.arqueologia.cl\/lcornejo\/wp-content\/uploads\/2014\/12\/Alumnos-en-Alero-El-Bajo-2014.jpg\"><img data-attachment-id=\"681\" data-permalink=\"https:\/\/www.arqueologia.cl\/lcornejo\/?attachment_id=681\" data-orig-file=\"https:\/\/www.arqueologia.cl\/lcornejo\/wp-content\/uploads\/2014\/12\/Alumnos-en-Alero-El-Bajo-2014.jpg\" data-orig-size=\"850,478\" data-comments-opened=\"0\" data-image-meta=\"{&quot;aperture&quot;:&quot;0&quot;,&quot;credit&quot;:&quot;&quot;,&quot;camera&quot;:&quot;&quot;,&quot;caption&quot;:&quot;&quot;,&quot;created_timestamp&quot;:&quot;1414000537&quot;,&quot;copyright&quot;:&quot;&quot;,&quot;focal_length&quot;:&quot;0&quot;,&quot;iso&quot;:&quot;0&quot;,&quot;shutter_speed&quot;:&quot;0&quot;,&quot;title&quot;:&quot;&quot;,&quot;orientation&quot;:&quot;0&quot;}\" data-image-title=\"Alumnos en Alero El Bajo 2014\" data-image-description=\"\" data-image-caption=\"\" data-medium-file=\"https:\/\/www.arqueologia.cl\/lcornejo\/wp-content\/uploads\/2014\/12\/Alumnos-en-Alero-El-Bajo-2014-300x169.jpg\" data-large-file=\"https:\/\/www.arqueologia.cl\/lcornejo\/wp-content\/uploads\/2014\/12\/Alumnos-en-Alero-El-Bajo-2014.jpg\" decoding=\"async\" loading=\"lazy\" class=\" wp-image-681  aligncenter\" src=\"https:\/\/www.arqueologia.cl\/lcornejo\/wp-content\/uploads\/2014\/12\/Alumnos-en-Alero-El-Bajo-2014-300x169.jpg\" alt=\"Alumnos en Alero El Bajo 2014\" width=\"579\" height=\"326\" srcset=\"https:\/\/www.arqueologia.cl\/lcornejo\/wp-content\/uploads\/2014\/12\/Alumnos-en-Alero-El-Bajo-2014-300x169.jpg 300w, https:\/\/www.arqueologia.cl\/lcornejo\/wp-content\/uploads\/2014\/12\/Alumnos-en-Alero-El-Bajo-2014.jpg 850w\" sizes=\"(max-width: 579px) 100vw, 579px\" \/><\/a><\/p>\n<p style=\"text-align: center;\">Grupo de alumnos en la boca del alero El Bajo que presenta una secuencia de muchas ocupaciones\u00a0 prehist\u00f3ricas<\/p>\n<p style=\"text-align: center;\">\n<p style=\"text-align: center;\"><a href=\"https:\/\/www.arqueologia.cl\/lcornejo\/wp-content\/uploads\/2014\/12\/Sitio-Confluencia-3.jpg\"><img data-attachment-id=\"682\" data-permalink=\"https:\/\/www.arqueologia.cl\/lcornejo\/?attachment_id=682\" data-orig-file=\"https:\/\/www.arqueologia.cl\/lcornejo\/wp-content\/uploads\/2014\/12\/Sitio-Confluencia-3.jpg\" data-orig-size=\"850,664\" data-comments-opened=\"0\" data-image-meta=\"{&quot;aperture&quot;:&quot;0&quot;,&quot;credit&quot;:&quot;&quot;,&quot;camera&quot;:&quot;&quot;,&quot;caption&quot;:&quot;&quot;,&quot;created_timestamp&quot;:&quot;1414432135&quot;,&quot;copyright&quot;:&quot;&quot;,&quot;focal_length&quot;:&quot;0&quot;,&quot;iso&quot;:&quot;0&quot;,&quot;shutter_speed&quot;:&quot;0&quot;,&quot;title&quot;:&quot;&quot;,&quot;orientation&quot;:&quot;0&quot;}\" data-image-title=\"Sitio Confluencia (3)\" data-image-description=\"\" data-image-caption=\"\" data-medium-file=\"https:\/\/www.arqueologia.cl\/lcornejo\/wp-content\/uploads\/2014\/12\/Sitio-Confluencia-3-300x234.jpg\" data-large-file=\"https:\/\/www.arqueologia.cl\/lcornejo\/wp-content\/uploads\/2014\/12\/Sitio-Confluencia-3.jpg\" decoding=\"async\" loading=\"lazy\" class=\" wp-image-682  aligncenter\" src=\"https:\/\/www.arqueologia.cl\/lcornejo\/wp-content\/uploads\/2014\/12\/Sitio-Confluencia-3-300x234.jpg\" alt=\"Sitio Confluencia (3)\" width=\"585\" height=\"457\" srcset=\"https:\/\/www.arqueologia.cl\/lcornejo\/wp-content\/uploads\/2014\/12\/Sitio-Confluencia-3-300x234.jpg 300w, https:\/\/www.arqueologia.cl\/lcornejo\/wp-content\/uploads\/2014\/12\/Sitio-Confluencia-3.jpg 850w\" sizes=\"(max-width: 585px) 100vw, 585px\" \/><\/a><\/p>\n<p style=\"text-align: center;\">En Camino al trabajo<\/p>\n<p>&nbsp;<\/p>\n<p style=\"text-align: center;\"><a href=\"https:\/\/www.arqueologia.cl\/lcornejo\/wp-content\/uploads\/2014\/12\/Alero-El-Bajo-60.jpg\"><img data-attachment-id=\"679\" data-permalink=\"https:\/\/www.arqueologia.cl\/lcornejo\/?attachment_id=679\" data-orig-file=\"https:\/\/www.arqueologia.cl\/lcornejo\/wp-content\/uploads\/2014\/12\/Alero-El-Bajo-60.jpg\" data-orig-size=\"850,478\" data-comments-opened=\"0\" data-image-meta=\"{&quot;aperture&quot;:&quot;0&quot;,&quot;credit&quot;:&quot;&quot;,&quot;camera&quot;:&quot;&quot;,&quot;caption&quot;:&quot;&quot;,&quot;created_timestamp&quot;:&quot;1414171094&quot;,&quot;copyright&quot;:&quot;&quot;,&quot;focal_length&quot;:&quot;0&quot;,&quot;iso&quot;:&quot;0&quot;,&quot;shutter_speed&quot;:&quot;0&quot;,&quot;title&quot;:&quot;&quot;,&quot;orientation&quot;:&quot;0&quot;}\" data-image-title=\"Alero El Bajo (60)\" data-image-description=\"\" data-image-caption=\"\" data-medium-file=\"https:\/\/www.arqueologia.cl\/lcornejo\/wp-content\/uploads\/2014\/12\/Alero-El-Bajo-60-300x169.jpg\" data-large-file=\"https:\/\/www.arqueologia.cl\/lcornejo\/wp-content\/uploads\/2014\/12\/Alero-El-Bajo-60.jpg\" decoding=\"async\" loading=\"lazy\" class=\" wp-image-679  aligncenter\" src=\"https:\/\/www.arqueologia.cl\/lcornejo\/wp-content\/uploads\/2014\/12\/Alero-El-Bajo-60-300x169.jpg\" alt=\"Alero El Bajo (60)\" width=\"593\" height=\"334\" srcset=\"https:\/\/www.arqueologia.cl\/lcornejo\/wp-content\/uploads\/2014\/12\/Alero-El-Bajo-60-300x169.jpg 300w, https:\/\/www.arqueologia.cl\/lcornejo\/wp-content\/uploads\/2014\/12\/Alero-El-Bajo-60.jpg 850w\" sizes=\"(max-width: 593px) 100vw, 593px\" \/><\/a><\/p>\n<p style=\"text-align: center;\">Equipo trabajando en la garganta del alero El Bajo<\/p>\n<p style=\"text-align: center;\">\n<p style=\"text-align: center;\"><a href=\"https:\/\/www.arqueologia.cl\/lcornejo\/wp-content\/uploads\/2014\/12\/Sitio-El-Alto-Mullipungo-32.jpg\"><img data-attachment-id=\"684\" data-permalink=\"https:\/\/www.arqueologia.cl\/lcornejo\/?attachment_id=684\" data-orig-file=\"https:\/\/www.arqueologia.cl\/lcornejo\/wp-content\/uploads\/2014\/12\/Sitio-El-Alto-Mullipungo-32.jpg\" data-orig-size=\"1181,886\" data-comments-opened=\"0\" data-image-meta=\"{&quot;aperture&quot;:&quot;0&quot;,&quot;credit&quot;:&quot;&quot;,&quot;camera&quot;:&quot;&quot;,&quot;caption&quot;:&quot;&quot;,&quot;created_timestamp&quot;:&quot;0&quot;,&quot;copyright&quot;:&quot;&quot;,&quot;focal_length&quot;:&quot;0&quot;,&quot;iso&quot;:&quot;0&quot;,&quot;shutter_speed&quot;:&quot;0&quot;,&quot;title&quot;:&quot;&quot;,&quot;orientation&quot;:&quot;0&quot;}\" data-image-title=\"Sitio El Alto, Mullipungo (32)\" data-image-description=\"\" data-image-caption=\"\" data-medium-file=\"https:\/\/www.arqueologia.cl\/lcornejo\/wp-content\/uploads\/2014\/12\/Sitio-El-Alto-Mullipungo-32-300x225.jpg\" data-large-file=\"https:\/\/www.arqueologia.cl\/lcornejo\/wp-content\/uploads\/2014\/12\/Sitio-El-Alto-Mullipungo-32-1024x768.jpg\" decoding=\"async\" loading=\"lazy\" class=\" wp-image-684  aligncenter\" src=\"https:\/\/www.arqueologia.cl\/lcornejo\/wp-content\/uploads\/2014\/12\/Sitio-El-Alto-Mullipungo-32-300x225.jpg\" alt=\"Sitio El Alto, Mullipungo (32)\" width=\"608\" height=\"456\" srcset=\"https:\/\/www.arqueologia.cl\/lcornejo\/wp-content\/uploads\/2014\/12\/Sitio-El-Alto-Mullipungo-32-300x225.jpg 300w, https:\/\/www.arqueologia.cl\/lcornejo\/wp-content\/uploads\/2014\/12\/Sitio-El-Alto-Mullipungo-32-1024x768.jpg 1024w, https:\/\/www.arqueologia.cl\/lcornejo\/wp-content\/uploads\/2014\/12\/Sitio-El-Alto-Mullipungo-32.jpg 1181w\" sizes=\"(max-width: 608px) 100vw, 608px\" \/><\/a><\/p>\n<p style=\"text-align: center;\">Realizando levantamiento de planta de un fog\u00f3n en el sitio de cazadores recolectores El Alto<\/p>\n<p style=\"text-align: center;\">\n<p style=\"text-align: center;\"><a href=\"https:\/\/www.arqueologia.cl\/lcornejo\/wp-content\/uploads\/2014\/12\/Sitio-Confluencia-10.jpg\"><img data-attachment-id=\"683\" data-permalink=\"https:\/\/www.arqueologia.cl\/lcornejo\/?attachment_id=683\" data-orig-file=\"https:\/\/www.arqueologia.cl\/lcornejo\/wp-content\/uploads\/2014\/12\/Sitio-Confluencia-10.jpg\" data-orig-size=\"886,664\" data-comments-opened=\"0\" data-image-meta=\"{&quot;aperture&quot;:&quot;0&quot;,&quot;credit&quot;:&quot;&quot;,&quot;camera&quot;:&quot;&quot;,&quot;caption&quot;:&quot;&quot;,&quot;created_timestamp&quot;:&quot;0&quot;,&quot;copyright&quot;:&quot;&quot;,&quot;focal_length&quot;:&quot;0&quot;,&quot;iso&quot;:&quot;0&quot;,&quot;shutter_speed&quot;:&quot;0&quot;,&quot;title&quot;:&quot;&quot;,&quot;orientation&quot;:&quot;0&quot;}\" data-image-title=\"Sitio Confluencia (10)\" data-image-description=\"\" data-image-caption=\"\" data-medium-file=\"https:\/\/www.arqueologia.cl\/lcornejo\/wp-content\/uploads\/2014\/12\/Sitio-Confluencia-10-300x225.jpg\" data-large-file=\"https:\/\/www.arqueologia.cl\/lcornejo\/wp-content\/uploads\/2014\/12\/Sitio-Confluencia-10.jpg\" decoding=\"async\" loading=\"lazy\" class=\" wp-image-683  aligncenter\" src=\"https:\/\/www.arqueologia.cl\/lcornejo\/wp-content\/uploads\/2014\/12\/Sitio-Confluencia-10-300x225.jpg\" alt=\"Sitio Confluencia (10)\" width=\"607\" height=\"455\" srcset=\"https:\/\/www.arqueologia.cl\/lcornejo\/wp-content\/uploads\/2014\/12\/Sitio-Confluencia-10-300x225.jpg 300w, https:\/\/www.arqueologia.cl\/lcornejo\/wp-content\/uploads\/2014\/12\/Sitio-Confluencia-10.jpg 886w\" sizes=\"(max-width: 607px) 100vw, 607px\" \/><\/a><\/p>\n<p style=\"text-align: center;\">Planificando el trabajo en el sitio de cazadores recolectores Confluencia<\/p>\n<p style=\"text-align: center;\">\n<p style=\"text-align: center;\"><a href=\"https:\/\/www.arqueologia.cl\/lcornejo\/wp-content\/uploads\/2014\/12\/Sitio-El-Alto-Mullipungo-34.jpg\"><img data-attachment-id=\"685\" data-permalink=\"https:\/\/www.arqueologia.cl\/lcornejo\/?attachment_id=685\" data-orig-file=\"https:\/\/www.arqueologia.cl\/lcornejo\/wp-content\/uploads\/2014\/12\/Sitio-El-Alto-Mullipungo-34.jpg\" data-orig-size=\"1772,1329\" data-comments-opened=\"0\" data-image-meta=\"{&quot;aperture&quot;:&quot;0&quot;,&quot;credit&quot;:&quot;&quot;,&quot;camera&quot;:&quot;&quot;,&quot;caption&quot;:&quot;&quot;,&quot;created_timestamp&quot;:&quot;0&quot;,&quot;copyright&quot;:&quot;&quot;,&quot;focal_length&quot;:&quot;0&quot;,&quot;iso&quot;:&quot;0&quot;,&quot;shutter_speed&quot;:&quot;0&quot;,&quot;title&quot;:&quot;&quot;,&quot;orientation&quot;:&quot;0&quot;}\" data-image-title=\"Sitio El Alto, Mullipungo (34)\" data-image-description=\"\" data-image-caption=\"\" data-medium-file=\"https:\/\/www.arqueologia.cl\/lcornejo\/wp-content\/uploads\/2014\/12\/Sitio-El-Alto-Mullipungo-34-300x225.jpg\" data-large-file=\"https:\/\/www.arqueologia.cl\/lcornejo\/wp-content\/uploads\/2014\/12\/Sitio-El-Alto-Mullipungo-34-1024x768.jpg\" decoding=\"async\" loading=\"lazy\" class=\" wp-image-685  aligncenter\" src=\"https:\/\/www.arqueologia.cl\/lcornejo\/wp-content\/uploads\/2014\/12\/Sitio-El-Alto-Mullipungo-34-300x225.jpg\" alt=\"Sitio El Alto, Mullipungo (34)\" width=\"607\" height=\"455\" srcset=\"https:\/\/www.arqueologia.cl\/lcornejo\/wp-content\/uploads\/2014\/12\/Sitio-El-Alto-Mullipungo-34-300x225.jpg 300w, https:\/\/www.arqueologia.cl\/lcornejo\/wp-content\/uploads\/2014\/12\/Sitio-El-Alto-Mullipungo-34-1024x768.jpg 1024w, https:\/\/www.arqueologia.cl\/lcornejo\/wp-content\/uploads\/2014\/12\/Sitio-El-Alto-Mullipungo-34.jpg 1772w\" sizes=\"(max-width: 607px) 100vw, 607px\" \/><\/a><\/p>\n<p style=\"text-align: center;\">\u00c1rea de harneo en el sitio El Alto<\/p>\n<p style=\"text-align: center;\">\n<p style=\"text-align: center;\">\n<p style=\"text-align: center;\">\n<p style=\"text-align: center;\">\n<p style=\"text-align: center;\">\n<p style=\"text-align: center;\">\n<p style=\"text-align: center;\">\n<p style=\"text-align: center;\">\n<p>&nbsp;<\/p>\n<p>&nbsp;<\/p>\n<p>&nbsp;<\/p>\n","protected":false},"excerpt":{"rendered":"<p>En octubre de 2014 los alumnos de Arqueolog\u00eda del curso M\u00e9todos y T\u00e9cnicas de Terreno de la carrera de Arqueolog\u00eda de la Universidad Alberto Hurtado participaron en las excavaciones de sitios arqueol\u00f3gicos de la precordillera de Arica. Este trabajo se realiz\u00f3 dentro del proyecto Fondecyt 1130808 dedicado a la revaluaci\u00f3n de los patrones de asentamiento &hellip; <a href=\"https:\/\/www.arqueologia.cl\/lcornejo\/?page_id=686\" class=\"more-link\">Seguir leyendo <span class=\"screen-reader-text\">Terreno alumnos de Arqueolog\u00eda Universidad Alberto Hurtado<\/span> <span class=\"meta-nav\">&rarr;<\/span><\/a><\/p>\n","protected":false},"author":1,"featured_media":0,"parent":0,"menu_order":0,"comment_status":"closed","ping_status":"closed","template":"","meta":{"jetpack_post_was_ever_published":false},"jetpack_shortlink":"https:\/\/wp.me\/P1Zj5N-b4","jetpack_sharing_enabled":true,"_links":{"self":[{"href":"https:\/\/www.arqueologia.cl\/lcornejo\/index.php?rest_route=\/wp\/v2\/pages\/686"}],"collection":[{"href":"https:\/\/www.arqueologia.cl\/lcornejo\/index.php?rest_route=\/wp\/v2\/pages"}],"about":[{"href":"https:\/\/www.arqueologia.cl\/lcornejo\/index.php?rest_route=\/wp\/v2\/types\/page"}],"author":[{"embeddable":true,"href":"https:\/\/www.arqueologia.cl\/lcornejo\/index.php?rest_route=\/wp\/v2\/users\/1"}],"replies":[{"embeddable":true,"href":"https:\/\/www.arqueologia.cl\/lcornejo\/index.php?rest_route=%2Fwp%2Fv2%2Fcomments&post=686"}],"version-history":[{"count":1,"href":"https:\/\/www.arqueologia.cl\/lcornejo\/index.php?rest_route=\/wp\/v2\/pages\/686\/revisions"}],"predecessor-version":[{"id":687,"href":"https:\/\/www.arqueologia.cl\/lcornejo\/index.php?rest_route=\/wp\/v2\/pages\/686\/revisions\/687"}],"wp:attachment":[{"href":"https:\/\/www.arqueologia.cl\/lcornejo\/index.php?rest_route=%2Fwp%2Fv2%2Fmedia&parent=686"}],"curies":[{"name":"wp","href":"https:\/\/api.w.org\/{rel}","templated":true}]}}